{"id":19290,"date":"2023-07-25T09:34:31","date_gmt":"2023-07-25T07:34:31","guid":{"rendered":"http:\/\/172.16.202.26\/?page_id=19290"},"modified":"2023-07-25T10:34:52","modified_gmt":"2023-07-25T08:34:52","slug":"aeltere-berichte","status":"publish","type":"page","link":"http:\/\/172.16.202.26\/?page_id=19290","title":{"rendered":"\u00e4ltere Berichte"},"content":{"rendered":"\t\t<div data-elementor-type=\"wp-page\" data-elementor-id=\"19290\" class=\"elementor elementor-19290\">\n\t\t\t\t\t\t<section class=\"elementor-section elementor-top-section elementor-element elementor-element-d94d3ce elementor-section-boxed elementor-section-height-default elementor-section-height-default\" data-id=\"d94d3ce\" data-element_type=\"section\">\n\t\t\t\t\t\t<div class=\"elementor-container elementor-column-gap-default\">\n\t\t\t\t\t<div class=\"elementor-column elementor-col-100 elementor-top-column elementor-element elementor-element-21ff2e8\" data-id=\"21ff2e8\" data-element_type=\"column\">\n\t\t\t<div class=\"elementor-widget-wrap elementor-element-populated\">\n\t\t\t\t\t\t<div class=\"elementor-element elementor-element-2417a3b elementor-widget elementor-widget-heading\" data-id=\"2417a3b\" data-element_type=\"widget\" data-widget_type=\"heading.default\">\n\t\t\t\t<div class=\"elementor-widget-container\">\n\t\t\t<style>\/*! elementor - v3.20.0 - 13-03-2024 *\/\n.elementor-heading-title{padding:0;margin:0;line-height:1}.elementor-widget-heading .elementor-heading-title[class*=elementor-size-]>a{color:inherit;font-size:inherit;line-height:inherit}.elementor-widget-heading .elementor-heading-title.elementor-size-small{font-size:15px}.elementor-widget-heading .elementor-heading-title.elementor-size-medium{font-size:19px}.elementor-widget-heading .elementor-heading-title.elementor-size-large{font-size:29px}.elementor-widget-heading .elementor-heading-title.elementor-size-xl{font-size:39px}.elementor-widget-heading .elementor-heading-title.elementor-size-xxl{font-size:59px}<\/style><h2 class=\"elementor-heading-title elementor-size-default\">\u00e4ltere Berichte der HIT<\/h2>\t\t<\/div>\n\t\t\t\t<\/div>\n\t\t\t\t\t<\/div>\n\t\t<\/div>\n\t\t\t\t\t<\/div>\n\t\t<\/section>\n\t\t\t\t<section class=\"elementor-section elementor-top-section elementor-element elementor-element-c9a5c66 elementor-section-full_width elementor-section-height-default elementor-section-height-default\" data-id=\"c9a5c66\" data-element_type=\"section\">\n\t\t\t\t\t\t<div class=\"elementor-container elementor-column-gap-default\">\n\t\t\t\t\t<div class=\"elementor-column elementor-col-100 elementor-top-column elementor-element elementor-element-9fd253e\" data-id=\"9fd253e\" data-element_type=\"column\" data-settings=\"{&quot;background_background&quot;:&quot;classic&quot;}\">\n\t\t\t<div class=\"elementor-widget-wrap elementor-element-populated\">\n\t\t\t\t\t\t<div class=\"elementor-element elementor-element-8f05465 elementor-grid-eael-col-5 elementor-grid-tablet-eael-col-2 elementor-grid-mobile-eael-col-1 elementor-widget elementor-widget-eael-post-grid\" data-id=\"8f05465\" data-element_type=\"widget\" data-settings=\"{&quot;eael_post_grid_columns&quot;:&quot;eael-col-5&quot;,&quot;eael_post_grid_columns_tablet&quot;:&quot;eael-col-2&quot;,&quot;eael_post_grid_columns_mobile&quot;:&quot;eael-col-1&quot;}\" data-widget_type=\"eael-post-grid.default\">\n\t\t\t\t<div class=\"elementor-widget-container\">\n\t\t\t<div id=\"eael-post-grid-8f05465\" class=\"eael-post-grid-container\">\n            <div class=\"eael-post-grid eael-post-appender eael-post-appender-8f05465 eael-post-grid-style-one\" data-layout-mode=\"grid\"><article class=\"eael-grid-post eael-post-grid-column\" data-id=\"26370\">\n        <div class=\"eael-grid-post-holder\">\n            <div class=\"eael-grid-post-holder-inner\"><div class=\"eael-entry-media\"><div class=\"eael-entry-overlay fade-in\"><i class=\"fas fa-long-arrow-alt-right\" aria-hidden=\"true\"><\/i><a href=\"http:\/\/172.16.202.26\/?p=26370\"><\/a><\/div><div class=\"eael-entry-thumbnail \">\n                <img fetchpriority=\"high\" decoding=\"async\" width=\"368\" height=\"240\" src=\"http:\/\/172.16.202.26\/wp-content\/uploads\/2026\/01\/54942832683_788f5c311c_o-368x240.jpg\" class=\"attachment-bizberg_blog_list size-bizberg_blog_list wp-image-26376\" alt=\"\" \/>\n            <\/div>\n        <\/div><div class=\"eael-entry-wrapper\"><header class=\"eael-entry-header\"><h3 class=\"eael-entry-title\"><a\n                        class=\"eael-grid-post-link\"\n                        href=\"http:\/\/172.16.202.26\/?p=26370\"\n                        title=\"Bericht Skills Austria\">Bericht Skills Austria<\/a><\/h3><\/header><div class=\"eael-entry-content\">\n                        <div class=\"eael-grid-post-excerpt\"><p>Die Abteilung HIT des TGM nimmt an den Skills Austria teil.<\/p><a href=\"http:\/\/172.16.202.26\/?p=26370\" class=\"eael-post-elements-readmore-btn\">Weiterlesen ...<\/a><\/div>\n                    <\/div><\/div><\/div>\n        <\/div>\n    <\/article><article class=\"eael-grid-post eael-post-grid-column\" data-id=\"26238\">\n        <div class=\"eael-grid-post-holder\">\n            <div class=\"eael-grid-post-holder-inner\"><div class=\"eael-entry-media\"><div class=\"eael-entry-overlay fade-in\"><i class=\"fas fa-long-arrow-alt-right\" aria-hidden=\"true\"><\/i><a href=\"http:\/\/172.16.202.26\/?p=26238\"><\/a><\/div><div class=\"eael-entry-thumbnail \">\n                <img decoding=\"async\" width=\"368\" height=\"240\" src=\"http:\/\/172.16.202.26\/wp-content\/uploads\/2025\/11\/IMG_20251114_123008_zugeschnitten-368x240.jpg\" class=\"attachment-bizberg_blog_list size-bizberg_blog_list wp-image-26243\" alt=\"\" \/>\n            <\/div>\n        <\/div><div class=\"eael-entry-wrapper\"><header class=\"eael-entry-header\"><h3 class=\"eael-entry-title\"><a\n                        class=\"eael-grid-post-link\"\n                        href=\"http:\/\/172.16.202.26\/?p=26238\"\n                        title=\"41. Cloudflight Coding Contest 2025\">41. Cloudflight Coding Contest 2025<\/a><\/h3><\/header><div class=\"eael-entry-content\">\n                        <div class=\"eael-grid-post-excerpt\"><p>72 Sch\u00fclerinnen und Sch\u00fcler in 24 Teams stellten sich den algorithmischen Herausforderungen in den Disziplinen School und Classic.<\/p><a href=\"http:\/\/172.16.202.26\/?p=26238\" class=\"eael-post-elements-readmore-btn\">Weiterlesen ...<\/a><\/div>\n                    <\/div><\/div><\/div>\n        <\/div>\n    <\/article><article class=\"eael-grid-post eael-post-grid-column\" data-id=\"26219\">\n        <div class=\"eael-grid-post-holder\">\n            <div class=\"eael-grid-post-holder-inner\"><div class=\"eael-entry-media\"><div class=\"eael-entry-overlay fade-in\"><i class=\"fas fa-long-arrow-alt-right\" aria-hidden=\"true\"><\/i><a href=\"http:\/\/172.16.202.26\/?p=26219\"><\/a><\/div><div class=\"eael-entry-thumbnail \">\n                <img decoding=\"async\" width=\"368\" height=\"240\" src=\"http:\/\/172.16.202.26\/wp-content\/uploads\/2025\/11\/Screenshot-2025-11-19-110647-368x240.png\" class=\"attachment-bizberg_blog_list size-bizberg_blog_list wp-image-26221\" alt=\"\" \/>\n            <\/div>\n        <\/div><div class=\"eael-entry-wrapper\"><header class=\"eael-entry-header\"><h3 class=\"eael-entry-title\"><a\n                        class=\"eael-grid-post-link\"\n                        href=\"http:\/\/172.16.202.26\/?p=26219\"\n                        title=\"LB Planer Tool\">LB Planer Tool<\/a><\/h3><\/header><div class=\"eael-entry-content\">\n                        <div class=\"eael-grid-post-excerpt\"><p>Wir freuen uns darauf, den Pilot gemeinsam mit der HIT-Abteilung weiterzuf\u00fchren und den LB-Planer zu einem Werkzeug zu machen, das auch zuk\u00fcnftigen Generationen von TGM-Sch\u00fcler*innen das Lernen erleichtert.<\/p><a href=\"http:\/\/172.16.202.26\/?p=26219\" class=\"eael-post-elements-readmore-btn\">Weiterlesen ...<\/a><\/div>\n                    <\/div><\/div><\/div>\n        <\/div>\n    <\/article><article class=\"eael-grid-post eael-post-grid-column\" data-id=\"25371\">\n        <div class=\"eael-grid-post-holder\">\n            <div class=\"eael-grid-post-holder-inner\"><div class=\"eael-entry-media\"><div class=\"eael-entry-overlay fade-in\"><i class=\"fas fa-long-arrow-alt-right\" aria-hidden=\"true\"><\/i><a href=\"http:\/\/172.16.202.26\/?p=25371\"><\/a><\/div><div class=\"eael-entry-thumbnail \">\n                <img loading=\"lazy\" decoding=\"async\" width=\"368\" height=\"240\" src=\"http:\/\/172.16.202.26\/wp-content\/uploads\/2025\/05\/IMG_8573-368x240.jpg\" class=\"attachment-bizberg_blog_list size-bizberg_blog_list wp-image-25375\" alt=\"\" \/>\n            <\/div>\n        <\/div><div class=\"eael-entry-wrapper\"><header class=\"eael-entry-header\"><h3 class=\"eael-entry-title\"><a\n                        class=\"eael-grid-post-link\"\n                        href=\"http:\/\/172.16.202.26\/?p=25371\"\n                        title=\"Unsere Junior Company \u201ede Tosch&#8217;n\u201c \u00fcberzeugt beim Wien-Wettbewerb\">Unsere Junior Company \u201ede Tosch&#8217;n\u201c \u00fcberzeugt beim Wien-Wettbewerb<\/a><\/h3><\/header><div class=\"eael-entry-content\">\n                        <div class=\"eael-grid-post-excerpt\"><p>Ein erfolgreiches Jahr f\u00fcr unsere Junior Company \u2013 \u201ede Tosch&#039;n\u201c \u00fcberzeugt beim Wien-Wettbewerb!<\/p><a href=\"http:\/\/172.16.202.26\/?p=25371\" class=\"eael-post-elements-readmore-btn\">Weiterlesen ...<\/a><\/div>\n                    <\/div><\/div><\/div>\n        <\/div>\n    <\/article><article class=\"eael-grid-post eael-post-grid-column\" data-id=\"25346\">\n        <div class=\"eael-grid-post-holder\">\n            <div class=\"eael-grid-post-holder-inner\"><div class=\"eael-entry-media\"><div class=\"eael-entry-overlay fade-in\"><i class=\"fas fa-long-arrow-alt-right\" aria-hidden=\"true\"><\/i><a href=\"http:\/\/172.16.202.26\/?p=25346\"><\/a><\/div><div class=\"eael-entry-thumbnail \">\n                <img loading=\"lazy\" decoding=\"async\" width=\"368\" height=\"240\" src=\"http:\/\/172.16.202.26\/wp-content\/uploads\/2025\/05\/Foto-Kayf-368x240.png\" class=\"attachment-bizberg_blog_list size-bizberg_blog_list wp-image-25348\" alt=\"\" \/>\n            <\/div>\n        <\/div><div class=\"eael-entry-wrapper\"><header class=\"eael-entry-header\"><h3 class=\"eael-entry-title\"><a\n                        class=\"eael-grid-post-link\"\n                        href=\"http:\/\/172.16.202.26\/?p=25346\"\n                        title=\"Finale des Jugend Innovativ Wettbewerbs von Kayf.app\">Finale des Jugend Innovativ Wettbewerbs von Kayf.app<\/a><\/h3><\/header><div class=\"eael-entry-content\">\n                        <div class=\"eael-grid-post-excerpt\"><p>Kayf.app - Erreichung Finale im Wettbewerb \u201eJugend Innovativ\u201c in der Kategorie \u201eEntrepreneurship\u201c 2024\/2025<\/p><a href=\"http:\/\/172.16.202.26\/?p=25346\" class=\"eael-post-elements-readmore-btn\">Weiterlesen ...<\/a><\/div>\n                    <\/div><\/div><\/div>\n        <\/div>\n    <\/article><article class=\"eael-grid-post eael-post-grid-column\" data-id=\"25283\">\n        <div class=\"eael-grid-post-holder\">\n            <div class=\"eael-grid-post-holder-inner\"><div class=\"eael-entry-media\"><div class=\"eael-entry-overlay fade-in\"><i class=\"fas fa-long-arrow-alt-right\" aria-hidden=\"true\"><\/i><a href=\"http:\/\/172.16.202.26\/?p=25283\"><\/a><\/div><div class=\"eael-entry-thumbnail \">\n                <img loading=\"lazy\" decoding=\"async\" width=\"368\" height=\"240\" src=\"http:\/\/172.16.202.26\/wp-content\/uploads\/2025\/04\/ppsurf-0-368x240.jpeg\" class=\"attachment-bizberg_blog_list size-bizberg_blog_list wp-image-25288\" alt=\"\" \/>\n            <\/div>\n        <\/div><div class=\"eael-entry-wrapper\"><header class=\"eael-entry-header\"><h3 class=\"eael-entry-title\"><a\n                        class=\"eael-grid-post-link\"\n                        href=\"http:\/\/172.16.202.26\/?p=25283\"\n                        title=\"Exkursion TU Wien\">Exkursion TU Wien<\/a><\/h3><\/header><div class=\"eael-entry-content\">\n                        <div class=\"eael-grid-post-excerpt\"><p>Sch\u00fcler der Medientechnik-Vertiefungsrichtung Virtuelle Welten und Spieleentwicklung besuchten das Institut f\u00fcr Visual Computing &amp; Human-Centered Technology der TU Wien.<\/p><a href=\"http:\/\/172.16.202.26\/?p=25283\" class=\"eael-post-elements-readmore-btn\">Weiterlesen ...<\/a><\/div>\n                    <\/div><\/div><\/div>\n        <\/div>\n    <\/article><article class=\"eael-grid-post eael-post-grid-column\" data-id=\"25212\">\n        <div class=\"eael-grid-post-holder\">\n            <div class=\"eael-grid-post-holder-inner\"><div class=\"eael-entry-media\"><div class=\"eael-entry-overlay fade-in\"><i class=\"fas fa-long-arrow-alt-right\" aria-hidden=\"true\"><\/i><a href=\"http:\/\/172.16.202.26\/?p=25212\"><\/a><\/div><div class=\"eael-entry-thumbnail \">\n                <img loading=\"lazy\" decoding=\"async\" width=\"368\" height=\"240\" src=\"http:\/\/172.16.202.26\/wp-content\/uploads\/2025\/04\/image002-368x240.png\" class=\"attachment-bizberg_blog_list size-bizberg_blog_list wp-image-25214\" alt=\"\" \/>\n            <\/div>\n        <\/div><div class=\"eael-entry-wrapper\"><header class=\"eael-entry-header\"><h3 class=\"eael-entry-title\"><a\n                        class=\"eael-grid-post-link\"\n                        href=\"http:\/\/172.16.202.26\/?p=25212\"\n                        title=\"sustAInableEducation &#8211; Jugend Innovativ Finale\">sustAInableEducation &#8211; Jugend Innovativ Finale<\/a><\/h3><\/header><div class=\"eael-entry-content\">\n                        <div class=\"eael-grid-post-excerpt\"><p>Die Diplomarbeitsgruppe hat ein innovatives Lernkonzept entwickelt.<\/p><a href=\"http:\/\/172.16.202.26\/?p=25212\" class=\"eael-post-elements-readmore-btn\">Weiterlesen ...<\/a><\/div>\n                    <\/div><\/div><\/div>\n        <\/div>\n    <\/article><article class=\"eael-grid-post eael-post-grid-column\" data-id=\"24816\">\n        <div class=\"eael-grid-post-holder\">\n            <div class=\"eael-grid-post-holder-inner\"><div class=\"eael-entry-media\"><div class=\"eael-entry-overlay fade-in\"><i class=\"fas fa-long-arrow-alt-right\" aria-hidden=\"true\"><\/i><a href=\"http:\/\/172.16.202.26\/?p=24816\"><\/a><\/div><div class=\"eael-entry-thumbnail \">\n                <img loading=\"lazy\" decoding=\"async\" width=\"368\" height=\"240\" src=\"http:\/\/172.16.202.26\/wp-content\/uploads\/2025\/02\/252A1170_1-368x240.jpg\" class=\"attachment-bizberg_blog_list size-bizberg_blog_list wp-image-24820\" alt=\"\" \/>\n            <\/div>\n        <\/div><div class=\"eael-entry-wrapper\"><header class=\"eael-entry-header\"><h3 class=\"eael-entry-title\"><a\n                        class=\"eael-grid-post-link\"\n                        href=\"http:\/\/172.16.202.26\/?p=24816\"\n                        title=\"Exkursion FH St. P\u00f6lten\">Exkursion FH St. P\u00f6lten<\/a><\/h3><\/header><div class=\"eael-entry-content\">\n                        <div class=\"eael-grid-post-excerpt\"><p>TGM-Sch\u00fclerInnen zu Besuch beim IT-Security und Data Science Day an der FH St. P\u00f6lten.<\/p><a href=\"http:\/\/172.16.202.26\/?p=24816\" class=\"eael-post-elements-readmore-btn\">Weiterlesen ...<\/a><\/div>\n                    <\/div><\/div><\/div>\n        <\/div>\n    <\/article><article class=\"eael-grid-post eael-post-grid-column\" data-id=\"21796\">\n        <div class=\"eael-grid-post-holder\">\n            <div class=\"eael-grid-post-holder-inner\"><div class=\"eael-entry-media\"><div class=\"eael-entry-overlay fade-in\"><i class=\"fas fa-long-arrow-alt-right\" aria-hidden=\"true\"><\/i><a href=\"http:\/\/172.16.202.26\/?p=21796\"><\/a><\/div><div class=\"eael-entry-thumbnail \">\n                <img loading=\"lazy\" decoding=\"async\" width=\"368\" height=\"240\" src=\"http:\/\/172.16.202.26\/wp-content\/uploads\/2024\/03\/2232d7c9-368x240.jpg\" class=\"attachment-bizberg_blog_list size-bizberg_blog_list wp-image-21799\" alt=\"\" \/>\n            <\/div>\n        <\/div><div class=\"eael-entry-wrapper\"><header class=\"eael-entry-header\"><h3 class=\"eael-entry-title\"><a\n                        class=\"eael-grid-post-link\"\n                        href=\"http:\/\/172.16.202.26\/?p=21796\"\n                        title=\"Exkursion zum ORF\">Exkursion zum ORF<\/a><\/h3><\/header><div class=\"eael-entry-content\">\n                        <div class=\"eael-grid-post-excerpt\"><p>Die 2CHIT hatte das Vergn\u00fcgen eine F\u00fchrung durch das ORF-Zentrum zu erhalten.<\/p><a href=\"http:\/\/172.16.202.26\/?p=21796\" class=\"eael-post-elements-readmore-btn\">Weiterlesen ...<\/a><\/div>\n                    <\/div><\/div><\/div>\n        <\/div>\n    <\/article><article class=\"eael-grid-post eael-post-grid-column\" data-id=\"21221\">\n        <div class=\"eael-grid-post-holder\">\n            <div class=\"eael-grid-post-holder-inner\"><div class=\"eael-entry-media\"><div class=\"eael-entry-overlay fade-in\"><i class=\"fas fa-long-arrow-alt-right\" aria-hidden=\"true\"><\/i><a href=\"http:\/\/172.16.202.26\/?p=21221\"><\/a><\/div><div class=\"eael-entry-thumbnail \">\n                <img loading=\"lazy\" decoding=\"async\" width=\"368\" height=\"240\" src=\"http:\/\/172.16.202.26\/wp-content\/uploads\/2023\/12\/IMG-20231121-WA0008-368x240.jpg\" class=\"attachment-bizberg_blog_list size-bizberg_blog_list wp-image-21223\" alt=\"\" \/>\n            <\/div>\n        <\/div><div class=\"eael-entry-wrapper\"><header class=\"eael-entry-header\"><h3 class=\"eael-entry-title\"><a\n                        class=\"eael-grid-post-link\"\n                        href=\"http:\/\/172.16.202.26\/?p=21221\"\n                        title=\"Digital Days im technischen Museum\">Digital Days im technischen Museum<\/a><\/h3><\/header><div class=\"eael-entry-content\">\n                        <div class=\"eael-grid-post-excerpt\"><p>Wir pr\u00e4sentierten stolz drei unserer aktuellen Diplomprojekte.<\/p><a href=\"http:\/\/172.16.202.26\/?p=21221\" class=\"eael-post-elements-readmore-btn\">Weiterlesen ...<\/a><\/div>\n                    <\/div><\/div><\/div>\n        <\/div>\n    <\/article><article class=\"eael-grid-post eael-post-grid-column\" data-id=\"21103\">\n        <div class=\"eael-grid-post-holder\">\n            <div class=\"eael-grid-post-holder-inner\"><div class=\"eael-entry-media\"><div class=\"eael-entry-overlay fade-in\"><i class=\"fas fa-long-arrow-alt-right\" aria-hidden=\"true\"><\/i><a href=\"http:\/\/172.16.202.26\/?p=21103\"><\/a><\/div><div class=\"eael-entry-thumbnail \">\n                <img loading=\"lazy\" decoding=\"async\" width=\"368\" height=\"240\" src=\"http:\/\/172.16.202.26\/wp-content\/uploads\/2023\/11\/VIE_TGM_015-368x240.jpg\" class=\"attachment-bizberg_blog_list size-bizberg_blog_list wp-image-21105\" alt=\"\" \/>\n            <\/div>\n        <\/div><div class=\"eael-entry-wrapper\"><header class=\"eael-entry-header\"><h3 class=\"eael-entry-title\"><a\n                        class=\"eael-grid-post-link\"\n                        href=\"http:\/\/172.16.202.26\/?p=21103\"\n                        title=\"M\u00e4dchentag am Flughafen Wien\">M\u00e4dchentag am Flughafen Wien<\/a><\/h3><\/header><div class=\"eael-entry-content\">\n                        <div class=\"eael-grid-post-excerpt\"><p>Die M\u00e4dels der IT-Abteilung hatten einen spannenden M\u00e4dchentag am Flughafen Wien.<\/p><a href=\"http:\/\/172.16.202.26\/?p=21103\" class=\"eael-post-elements-readmore-btn\">Weiterlesen ...<\/a><\/div>\n                    <\/div><\/div><\/div>\n        <\/div>\n    <\/article><article class=\"eael-grid-post eael-post-grid-column\" data-id=\"20622\">\n        <div class=\"eael-grid-post-holder\">\n            <div class=\"eael-grid-post-holder-inner\"><div class=\"eael-entry-media\"><div class=\"eael-entry-overlay fade-in\"><i class=\"fas fa-long-arrow-alt-right\" aria-hidden=\"true\"><\/i><a href=\"http:\/\/172.16.202.26\/?p=20622\"><\/a><\/div><div class=\"eael-entry-thumbnail \">\n                <img loading=\"lazy\" decoding=\"async\" width=\"368\" height=\"240\" src=\"http:\/\/172.16.202.26\/wp-content\/uploads\/2023\/10\/IMG_2-368x240.jpg\" class=\"attachment-bizberg_blog_list size-bizberg_blog_list wp-image-20626\" alt=\"\" \/>\n            <\/div>\n        <\/div><div class=\"eael-entry-wrapper\"><header class=\"eael-entry-header\"><h3 class=\"eael-entry-title\"><a\n                        class=\"eael-grid-post-link\"\n                        href=\"http:\/\/172.16.202.26\/?p=20622\"\n                        title=\"REWE Projekte\">REWE Projekte<\/a><\/h3><\/header><div class=\"eael-entry-content\">\n                        <div class=\"eael-grid-post-excerpt\"><p>Die 4CHIT arbeitet an verschiedenen Verbesserungen f\u00fcr die Space- und Floorplanning-Software von REWE. Hier ein Bericht dazu ...<\/p><a href=\"http:\/\/172.16.202.26\/?p=20622\" class=\"eael-post-elements-readmore-btn\">Weiterlesen ...<\/a><\/div>\n                    <\/div><\/div><\/div>\n        <\/div>\n    <\/article><article class=\"eael-grid-post eael-post-grid-column\" data-id=\"17127\">\n        <div class=\"eael-grid-post-holder\">\n            <div class=\"eael-grid-post-holder-inner\"><div class=\"eael-entry-media\"><div class=\"eael-entry-overlay fade-in\"><i class=\"fas fa-long-arrow-alt-right\" aria-hidden=\"true\"><\/i><a href=\"http:\/\/172.16.202.26\/?p=17127\"><\/a><\/div><div class=\"eael-entry-thumbnail \">\n                <img loading=\"lazy\" decoding=\"async\" width=\"368\" height=\"240\" src=\"http:\/\/172.16.202.26\/wp-content\/uploads\/2023\/03\/fb2-368x240.png\" class=\"attachment-bizberg_blog_list size-bizberg_blog_list wp-image-17122\" alt=\"\" \/>\n            <\/div>\n        <\/div><div class=\"eael-entry-wrapper\"><header class=\"eael-entry-header\"><h3 class=\"eael-entry-title\"><a\n                        class=\"eael-grid-post-link\"\n                        href=\"http:\/\/172.16.202.26\/?p=17127\"\n                        title=\"Fake and Fact\">Fake and Fact<\/a><\/h3><\/header><div class=\"eael-entry-content\">\n                        <div class=\"eael-grid-post-excerpt\"><p>On the 14th of February, the IT Department welcomed Christina Merl and Eric Willemsen to do a workshop about fake news and media.<\/p><a href=\"http:\/\/172.16.202.26\/?p=17127\" class=\"eael-post-elements-readmore-btn\">Weiterlesen ...<\/a><\/div>\n                    <\/div><\/div><\/div>\n        <\/div>\n    <\/article><article class=\"eael-grid-post eael-post-grid-column\" data-id=\"16614\">\n        <div class=\"eael-grid-post-holder\">\n            <div class=\"eael-grid-post-holder-inner\"><div class=\"eael-entry-media\"><div class=\"eael-entry-overlay fade-in\"><i class=\"fas fa-long-arrow-alt-right\" aria-hidden=\"true\"><\/i><a href=\"http:\/\/172.16.202.26\/?p=16614\"><\/a><\/div><div class=\"eael-entry-thumbnail \">\n                <img loading=\"lazy\" decoding=\"async\" width=\"368\" height=\"240\" src=\"http:\/\/172.16.202.26\/wp-content\/uploads\/2023\/01\/IMG_3207-368x240.jpeg\" class=\"attachment-bizberg_blog_list size-bizberg_blog_list wp-image-16619\" alt=\"\" \/>\n            <\/div>\n        <\/div><div class=\"eael-entry-wrapper\"><header class=\"eael-entry-header\"><h3 class=\"eael-entry-title\"><a\n                        class=\"eael-grid-post-link\"\n                        href=\"http:\/\/172.16.202.26\/?p=16614\"\n                        title=\"Erasmus+ &#8211; 2 Monate Griechenland: Schule mit kulturellem Flair\">Erasmus+ &#8211; 2 Monate Griechenland: Schule mit kulturellem Flair<\/a><\/h3><\/header><div class=\"eael-entry-content\">\n                        <div class=\"eael-grid-post-excerpt\"><p>Bericht eines Sch\u00fclers, der in Zuge des ERASMUS+ Programms zwei Monate in Griechenland als Austauschsch\u00fcler verbringen konnte.<\/p><a href=\"http:\/\/172.16.202.26\/?p=16614\" class=\"eael-post-elements-readmore-btn\">Weiterlesen ...<\/a><\/div>\n                    <\/div><\/div><\/div>\n        <\/div>\n    <\/article><article class=\"eael-grid-post eael-post-grid-column\" data-id=\"16551\">\n        <div class=\"eael-grid-post-holder\">\n            <div class=\"eael-grid-post-holder-inner\"><div class=\"eael-entry-media\"><div class=\"eael-entry-overlay fade-in\"><i class=\"fas fa-long-arrow-alt-right\" aria-hidden=\"true\"><\/i><a href=\"http:\/\/172.16.202.26\/?p=16551\"><\/a><\/div><div class=\"eael-entry-thumbnail \">\n                <img loading=\"lazy\" decoding=\"async\" width=\"368\" height=\"240\" src=\"http:\/\/172.16.202.26\/wp-content\/uploads\/2023\/01\/IMG_20220928_165857-368x240.jpg\" class=\"attachment-bizberg_blog_list size-bizberg_blog_list wp-image-16561\" alt=\"\" \/>\n            <\/div>\n        <\/div><div class=\"eael-entry-wrapper\"><header class=\"eael-entry-header\"><h3 class=\"eael-entry-title\"><a\n                        class=\"eael-grid-post-link\"\n                        href=\"http:\/\/172.16.202.26\/?p=16551\"\n                        title=\"HIT-Sch\u00fcler:innen als ERASMUS-Botschafter:innen in Italien\">HIT-Sch\u00fcler:innen als ERASMUS-Botschafter:innen in Italien<\/a><\/h3><\/header><div class=\"eael-entry-content\">\n                        <div class=\"eael-grid-post-excerpt\"><p>Erg\u00e4nzung zum Beitrag vom 20.10.2022: Eine Woche ITaly mit Erasmus+<\/p><a href=\"http:\/\/172.16.202.26\/?p=16551\" class=\"eael-post-elements-readmore-btn\">Weiterlesen ...<\/a><\/div>\n                    <\/div><\/div><\/div>\n        <\/div>\n    <\/article><article class=\"eael-grid-post eael-post-grid-column\" data-id=\"15518\">\n        <div class=\"eael-grid-post-holder\">\n            <div class=\"eael-grid-post-holder-inner\"><div class=\"eael-entry-media\"><div class=\"eael-entry-overlay fade-in\"><i class=\"fas fa-long-arrow-alt-right\" aria-hidden=\"true\"><\/i><a href=\"http:\/\/172.16.202.26\/?p=15518\"><\/a><\/div><div class=\"eael-entry-thumbnail \">\n                <img loading=\"lazy\" decoding=\"async\" width=\"368\" height=\"240\" src=\"http:\/\/172.16.202.26\/wp-content\/uploads\/2022\/11\/SSA_KickOff-1-von-14-368x240.jpg\" class=\"attachment-bizberg_blog_list size-bizberg_blog_list wp-image-15523\" alt=\"\" \/>\n            <\/div>\n        <\/div><div class=\"eael-entry-wrapper\"><header class=\"eael-entry-header\"><h3 class=\"eael-entry-title\"><a\n                        class=\"eael-grid-post-link\"\n                        href=\"http:\/\/172.16.202.26\/?p=15518\"\n                        title=\"Kick-Off Bundes-Blindeninstitut\">Kick-Off Bundes-Blindeninstitut<\/a><\/h3><\/header><div class=\"eael-entry-content\">\n                        <div class=\"eael-grid-post-excerpt\"><p>Kick-Off f\u00fcr unsere Kooperation mit Universit\u00e4t Wien und Bundes-Blindeninstitut (BBI)<\/p><a href=\"http:\/\/172.16.202.26\/?p=15518\" class=\"eael-post-elements-readmore-btn\">Weiterlesen ...<\/a><\/div>\n                    <\/div><\/div><\/div>\n        <\/div>\n    <\/article><article class=\"eael-grid-post eael-post-grid-column\" data-id=\"15383\">\n        <div class=\"eael-grid-post-holder\">\n            <div class=\"eael-grid-post-holder-inner\"><div class=\"eael-entry-media\"><div class=\"eael-entry-overlay fade-in\"><i class=\"fas fa-long-arrow-alt-right\" aria-hidden=\"true\"><\/i><a href=\"http:\/\/172.16.202.26\/?p=15383\"><\/a><\/div><div class=\"eael-entry-thumbnail \">\n                <img loading=\"lazy\" decoding=\"async\" width=\"368\" height=\"240\" src=\"http:\/\/172.16.202.26\/wp-content\/uploads\/2022\/11\/VanDerBellen-368x240.jpg\" class=\"attachment-bizberg_blog_list size-bizberg_blog_list wp-image-15385\" alt=\"\" \/>\n            <\/div>\n        <\/div><div class=\"eael-entry-wrapper\"><header class=\"eael-entry-header\"><h3 class=\"eael-entry-title\"><a\n                        class=\"eael-grid-post-link\"\n                        href=\"http:\/\/172.16.202.26\/?p=15383\"\n                        title=\"Unser Mann in Istanbul\">Unser Mann in Istanbul<\/a><\/h3><\/header><div class=\"eael-entry-content\">\n                        <div class=\"eael-grid-post-excerpt\"><p>HIT-Absolvent leistet seinen Zivildienst in Istanbul<\/p><a href=\"http:\/\/172.16.202.26\/?p=15383\" class=\"eael-post-elements-readmore-btn\">Weiterlesen ...<\/a><\/div>\n                    <\/div><\/div><\/div>\n        <\/div>\n    <\/article><article class=\"eael-grid-post eael-post-grid-column\" data-id=\"15352\">\n        <div class=\"eael-grid-post-holder\">\n            <div class=\"eael-grid-post-holder-inner\"><div class=\"eael-entry-media\"><div class=\"eael-entry-overlay fade-in\"><i class=\"fas fa-long-arrow-alt-right\" aria-hidden=\"true\"><\/i><a href=\"http:\/\/172.16.202.26\/?p=15352\"><\/a><\/div><div class=\"eael-entry-thumbnail \">\n                <img loading=\"lazy\" decoding=\"async\" width=\"368\" height=\"240\" src=\"http:\/\/172.16.202.26\/wp-content\/uploads\/2022\/11\/IMG_5615-368x240.png\" class=\"attachment-bizberg_blog_list size-bizberg_blog_list wp-image-15357\" alt=\"\" \/>\n            <\/div>\n        <\/div><div class=\"eael-entry-wrapper\"><header class=\"eael-entry-header\"><h3 class=\"eael-entry-title\"><a\n                        class=\"eael-grid-post-link\"\n                        href=\"http:\/\/172.16.202.26\/?p=15352\"\n                        title=\"BePartOfIt\">BePartOfIt<\/a><\/h3><\/header><div class=\"eael-entry-content\">\n                        <div class=\"eael-grid-post-excerpt\"><p>HIT ist Teil des Forschungsprojekts BePartOfIt<\/p><a href=\"http:\/\/172.16.202.26\/?p=15352\" class=\"eael-post-elements-readmore-btn\">Weiterlesen ...<\/a><\/div>\n                    <\/div><\/div><\/div>\n        <\/div>\n    <\/article><article class=\"eael-grid-post eael-post-grid-column\" data-id=\"15218\">\n        <div class=\"eael-grid-post-holder\">\n            <div class=\"eael-grid-post-holder-inner\"><div class=\"eael-entry-media\"><div class=\"eael-entry-overlay fade-in\"><i class=\"fas fa-long-arrow-alt-right\" aria-hidden=\"true\"><\/i><a href=\"http:\/\/172.16.202.26\/?p=15218\"><\/a><\/div><div class=\"eael-entry-thumbnail \">\n                <img loading=\"lazy\" decoding=\"async\" width=\"368\" height=\"240\" src=\"http:\/\/172.16.202.26\/wp-content\/uploads\/2022\/10\/er1-368x240.png\" class=\"attachment-bizberg_blog_list size-bizberg_blog_list wp-image-15221\" alt=\"\" \/>\n            <\/div>\n        <\/div><div class=\"eael-entry-wrapper\"><header class=\"eael-entry-header\"><h3 class=\"eael-entry-title\"><a\n                        class=\"eael-grid-post-link\"\n                        href=\"http:\/\/172.16.202.26\/?p=15218\"\n                        title=\"Eine Woche ITaly mit Erasmus+\">Eine Woche ITaly mit Erasmus+<\/a><\/h3><\/header><div class=\"eael-entry-content\">\n                        <div class=\"eael-grid-post-excerpt\"><p>Eine Woche ITaly mit Erasmus+<\/p><a href=\"http:\/\/172.16.202.26\/?p=15218\" class=\"eael-post-elements-readmore-btn\">Weiterlesen ...<\/a><\/div>\n                    <\/div><\/div><\/div>\n        <\/div>\n    <\/article><article class=\"eael-grid-post eael-post-grid-column\" data-id=\"15200\">\n        <div class=\"eael-grid-post-holder\">\n            <div class=\"eael-grid-post-holder-inner\"><div class=\"eael-entry-media\"><div class=\"eael-entry-overlay fade-in\"><i class=\"fas fa-long-arrow-alt-right\" aria-hidden=\"true\"><\/i><a href=\"http:\/\/172.16.202.26\/?p=15200\"><\/a><\/div><div class=\"eael-entry-thumbnail \">\n                <img loading=\"lazy\" decoding=\"async\" width=\"368\" height=\"240\" src=\"http:\/\/172.16.202.26\/wp-content\/uploads\/2022\/10\/IMG_5507-368x240.png\" class=\"attachment-bizberg_blog_list size-bizberg_blog_list wp-image-15195\" alt=\"\" \/>\n            <\/div>\n        <\/div><div class=\"eael-entry-wrapper\"><header class=\"eael-entry-header\"><h3 class=\"eael-entry-title\"><a\n                        class=\"eael-grid-post-link\"\n                        href=\"http:\/\/172.16.202.26\/?p=15200\"\n                        title=\"V\u00d6SI Software Day 2022\">V\u00d6SI Software Day 2022<\/a><\/h3><\/header><div class=\"eael-entry-content\">\n                        <div class=\"eael-grid-post-excerpt\"><p>Sch\u00fclerinnen und Sch\u00fcler der HIT am Software-Day des V\u00d6SI<\/p><a href=\"http:\/\/172.16.202.26\/?p=15200\" class=\"eael-post-elements-readmore-btn\">Weiterlesen ...<\/a><\/div>\n                    <\/div><\/div><\/div>\n        <\/div>\n    <\/article><article class=\"eael-grid-post eael-post-grid-column\" data-id=\"15045\">\n        <div class=\"eael-grid-post-holder\">\n            <div class=\"eael-grid-post-holder-inner\"><div class=\"eael-entry-media\"><div class=\"eael-entry-overlay fade-in\"><i class=\"fas fa-long-arrow-alt-right\" aria-hidden=\"true\"><\/i><a href=\"http:\/\/172.16.202.26\/?p=15045\"><\/a><\/div><div class=\"eael-entry-thumbnail \">\n                <img loading=\"lazy\" decoding=\"async\" width=\"368\" height=\"240\" src=\"http:\/\/172.16.202.26\/wp-content\/uploads\/2022\/10\/ew_6-368x240.jpg\" class=\"attachment-bizberg_blog_list size-bizberg_blog_list wp-image-15051\" alt=\"\" \/>\n            <\/div>\n        <\/div><div class=\"eael-entry-wrapper\"><header class=\"eael-entry-header\"><h3 class=\"eael-entry-title\"><a\n                        class=\"eael-grid-post-link\"\n                        href=\"http:\/\/172.16.202.26\/?p=15045\"\n                        title=\"ERASMUS+ Short Mobility in Wien\">ERASMUS+ Short Mobility in Wien<\/a><\/h3><\/header><div class=\"eael-entry-content\">\n                        <div class=\"eael-grid-post-excerpt\"><p>R\u00fcckblick \u2013 das war die Short-Mobility Woche vom 8.5. bis 15.5.2022 in Wien<\/p><a href=\"http:\/\/172.16.202.26\/?p=15045\" class=\"eael-post-elements-readmore-btn\">Weiterlesen ...<\/a><\/div>\n                    <\/div><\/div><\/div>\n        <\/div>\n    <\/article><article class=\"eael-grid-post eael-post-grid-column\" data-id=\"14595\">\n        <div class=\"eael-grid-post-holder\">\n            <div class=\"eael-grid-post-holder-inner\"><div class=\"eael-entry-media\"><div class=\"eael-entry-overlay fade-in\"><i class=\"fas fa-long-arrow-alt-right\" aria-hidden=\"true\"><\/i><a href=\"http:\/\/172.16.202.26\/?p=14595\"><\/a><\/div><div class=\"eael-entry-thumbnail \">\n                <img loading=\"lazy\" decoding=\"async\" width=\"368\" height=\"240\" src=\"http:\/\/172.16.202.26\/wp-content\/uploads\/2022\/10\/B1-368x240.png\" class=\"attachment-bizberg_blog_list size-bizberg_blog_list wp-image-14597\" alt=\"\" \/>\n            <\/div>\n        <\/div><div class=\"eael-entry-wrapper\"><header class=\"eael-entry-header\"><h3 class=\"eael-entry-title\"><a\n                        class=\"eael-grid-post-link\"\n                        href=\"http:\/\/172.16.202.26\/?p=14595\"\n                        title=\"Erin Brockovich\">Erin Brockovich<\/a><\/h3><\/header><div class=\"eael-entry-content\">\n                        <div class=\"eael-grid-post-excerpt\"><p>TGM-Sch\u00fclerInnen im Gespr\u00e4ch mit Umweltaktivistin aus den USA<\/p><a href=\"http:\/\/172.16.202.26\/?p=14595\" class=\"eael-post-elements-readmore-btn\">Weiterlesen ...<\/a><\/div>\n                    <\/div><\/div><\/div>\n        <\/div>\n    <\/article><article class=\"eael-grid-post eael-post-grid-column\" data-id=\"14560\">\n        <div class=\"eael-grid-post-holder\">\n            <div class=\"eael-grid-post-holder-inner\"><div class=\"eael-entry-media\"><div class=\"eael-entry-overlay fade-in\"><i class=\"fas fa-long-arrow-alt-right\" aria-hidden=\"true\"><\/i><a href=\"http:\/\/172.16.202.26\/?p=14560\"><\/a><\/div><div class=\"eael-entry-thumbnail \">\n                <img loading=\"lazy\" decoding=\"async\" width=\"368\" height=\"240\" src=\"http:\/\/172.16.202.26\/wp-content\/uploads\/2022\/10\/RecyclingHeroes-368x240.png\" class=\"attachment-bizberg_blog_list size-bizberg_blog_list wp-image-14563\" alt=\"\" \/>\n            <\/div>\n        <\/div><div class=\"eael-entry-wrapper\"><header class=\"eael-entry-header\"><h3 class=\"eael-entry-title\"><a\n                        class=\"eael-grid-post-link\"\n                        href=\"http:\/\/172.16.202.26\/?p=14560\"\n                        title=\"Recycling Heroes\">Recycling Heroes<\/a><\/h3><\/header><div class=\"eael-entry-content\">\n                        <div class=\"eael-grid-post-excerpt\"><p>Sch\u00fclerinnen und Sch\u00fcler der HIT forschen im Rahmen von Sparkling Science \u2013 Projekt 1: Recycling Heroes<\/p><a href=\"http:\/\/172.16.202.26\/?p=14560\" class=\"eael-post-elements-readmore-btn\">Weiterlesen ...<\/a><\/div>\n                    <\/div><\/div><\/div>\n        <\/div>\n    <\/article><article class=\"eael-grid-post eael-post-grid-column\" data-id=\"5014\">\n        <div class=\"eael-grid-post-holder\">\n            <div class=\"eael-grid-post-holder-inner\"><div class=\"eael-entry-media\"><div class=\"eael-entry-overlay fade-in\"><i class=\"fas fa-long-arrow-alt-right\" aria-hidden=\"true\"><\/i><a href=\"http:\/\/172.16.202.26\/?p=5014\"><\/a><\/div><div class=\"eael-entry-thumbnail \">\n                <img loading=\"lazy\" decoding=\"async\" width=\"368\" height=\"240\" src=\"http:\/\/172.16.202.26\/wp-content\/uploads\/2022\/05\/2-368x240.png\" class=\"attachment-bizberg_blog_list size-bizberg_blog_list wp-image-5016\" alt=\"\" \/>\n            <\/div>\n        <\/div><div class=\"eael-entry-wrapper\"><header class=\"eael-entry-header\"><h3 class=\"eael-entry-title\"><a\n                        class=\"eael-grid-post-link\"\n                        href=\"http:\/\/172.16.202.26\/?p=5014\"\n                        title=\"ERASMUS+ Short Mobility in Pamplona\">ERASMUS+ Short Mobility in Pamplona<\/a><\/h3><\/header><div class=\"eael-entry-content\">\n                        <div class=\"eael-grid-post-excerpt\"><p>Vom 26.3. bis 2.4.2022 war eine Delegation unserer Abteilung im Rahmen unseres ERASMUS+ Projekt BRAIINS (Bring AI In Schools) auf Austauschwoche in Pamplona, Spanien.<\/p><a href=\"http:\/\/172.16.202.26\/?p=5014\" class=\"eael-post-elements-readmore-btn\">Weiterlesen ...<\/a><\/div>\n                    <\/div><\/div><\/div>\n        <\/div>\n    <\/article><article class=\"eael-grid-post eael-post-grid-column\" data-id=\"7772\">\n        <div class=\"eael-grid-post-holder\">\n            <div class=\"eael-grid-post-holder-inner\"><div class=\"eael-entry-media\"><div class=\"eael-entry-overlay fade-in\"><i class=\"fas fa-long-arrow-alt-right\" aria-hidden=\"true\"><\/i><a href=\"http:\/\/172.16.202.26\/?p=7772\"><\/a><\/div><div class=\"eael-entry-thumbnail \">\n                <img loading=\"lazy\" decoding=\"async\" width=\"368\" height=\"240\" src=\"http:\/\/172.16.202.26\/wp-content\/uploads\/2022\/02\/bit1-368x240.jpg\" class=\"attachment-bizberg_blog_list size-bizberg_blog_list wp-image-7774\" alt=\"\" \/>\n            <\/div>\n        <\/div><div class=\"eael-entry-wrapper\"><header class=\"eael-entry-header\"><h3 class=\"eael-entry-title\"><a\n                        class=\"eael-grid-post-link\"\n                        href=\"http:\/\/172.16.202.26\/?p=7772\"\n                        title=\"TGM meets WOMENinICT\">TGM meets WOMENinICT<\/a><\/h3><\/header><div class=\"eael-entry-content\">\n                        <div class=\"eael-grid-post-excerpt\"><p>Wie mehr M\u00e4dchen ihren Weg in die IT finden sollen.<\/p><a href=\"http:\/\/172.16.202.26\/?p=7772\" class=\"eael-post-elements-readmore-btn\">Weiterlesen ...<\/a><\/div>\n                    <\/div><\/div><\/div>\n        <\/div>\n    <\/article><article class=\"eael-grid-post eael-post-grid-column\" data-id=\"7991\">\n        <div class=\"eael-grid-post-holder\">\n            <div class=\"eael-grid-post-holder-inner\"><div class=\"eael-entry-media\"><div class=\"eael-entry-overlay fade-in\"><i class=\"fas fa-long-arrow-alt-right\" aria-hidden=\"true\"><\/i><a href=\"http:\/\/172.16.202.26\/?p=7991\"><\/a><\/div><div class=\"eael-entry-thumbnail \">\n                <img loading=\"lazy\" decoding=\"async\" width=\"368\" height=\"240\" src=\"http:\/\/172.16.202.26\/wp-content\/uploads\/2022\/02\/e1-368x240.jpg\" class=\"attachment-bizberg_blog_list size-bizberg_blog_list wp-image-7993\" alt=\"\" \/>\n            <\/div>\n        <\/div><div class=\"eael-entry-wrapper\"><header class=\"eael-entry-header\"><h3 class=\"eael-entry-title\"><a\n                        class=\"eael-grid-post-link\"\n                        href=\"http:\/\/172.16.202.26\/?p=7991\"\n                        title=\"ERASMUS+ Projekt BRAIINS\">ERASMUS+ Projekt BRAIINS<\/a><\/h3><\/header><div class=\"eael-entry-content\">\n                        <div class=\"eael-grid-post-excerpt\"><p>Hauptziel des Projekts, das wir gemeinsam mit Partnern aus Italien (Pavullo), Griechenland (Kalymnos) und Spanien (Pamplona) durchf\u00fchren, ist es, &quot;K\u00fcnstliche Intelligenz&quot; auf vielf\u00e4ltigste Weise in den Unterricht einzubauen.<\/p><a href=\"http:\/\/172.16.202.26\/?p=7991\" class=\"eael-post-elements-readmore-btn\">Weiterlesen ...<\/a><\/div>\n                    <\/div><\/div><\/div>\n        <\/div>\n    <\/article><article class=\"eael-grid-post eael-post-grid-column\" data-id=\"8011\">\n        <div class=\"eael-grid-post-holder\">\n            <div class=\"eael-grid-post-holder-inner\"><div class=\"eael-entry-media\"><div class=\"eael-entry-overlay fade-in\"><i class=\"fas fa-long-arrow-alt-right\" aria-hidden=\"true\"><\/i><a href=\"http:\/\/172.16.202.26\/?p=8011\"><\/a><\/div><div class=\"eael-entry-thumbnail \">\n                <img loading=\"lazy\" decoding=\"async\" width=\"368\" height=\"240\" src=\"http:\/\/172.16.202.26\/wp-content\/uploads\/2022\/05\/e4-368x240.jpg\" class=\"attachment-bizberg_blog_list size-bizberg_blog_list wp-image-8013\" alt=\"\" \/>\n            <\/div>\n        <\/div><div class=\"eael-entry-wrapper\"><header class=\"eael-entry-header\"><h3 class=\"eael-entry-title\"><a\n                        class=\"eael-grid-post-link\"\n                        href=\"http:\/\/172.16.202.26\/?p=8011\"\n                        title=\"Bewerbungscoaching mit den Wiener Linien\">Bewerbungscoaching mit den Wiener Linien<\/a><\/h3><\/header><div class=\"eael-entry-content\">\n                        <div class=\"eael-grid-post-excerpt\"><p>Bewerben, aber richtig: MINDSET OVER SKILLSET Was Experten der Wiener Linien von Jobsuchenden erwarten<\/p><a href=\"http:\/\/172.16.202.26\/?p=8011\" class=\"eael-post-elements-readmore-btn\">Weiterlesen ...<\/a><\/div>\n                    <\/div><\/div><\/div>\n        <\/div>\n    <\/article><article class=\"eael-grid-post eael-post-grid-column\" data-id=\"8410\">\n        <div class=\"eael-grid-post-holder\">\n            <div class=\"eael-grid-post-holder-inner\"><div class=\"eael-entry-media\"><div class=\"eael-entry-overlay fade-in\"><i class=\"fas fa-long-arrow-alt-right\" aria-hidden=\"true\"><\/i><a href=\"http:\/\/172.16.202.26\/?p=8410\"><\/a><\/div><div class=\"eael-entry-thumbnail \">\n                <img loading=\"lazy\" decoding=\"async\" width=\"368\" height=\"240\" src=\"http:\/\/172.16.202.26\/wp-content\/uploads\/2022\/06\/h1-368x240.jpg\" class=\"attachment-bizberg_blog_list size-bizberg_blog_list wp-image-8412\" alt=\"\" \/>\n            <\/div>\n        <\/div><div class=\"eael-entry-wrapper\"><header class=\"eael-entry-header\"><h3 class=\"eael-entry-title\"><a\n                        class=\"eael-grid-post-link\"\n                        href=\"http:\/\/172.16.202.26\/?p=8410\"\n                        title=\"Team aus dem 4. Jgg. gewinnt bei Jugend Innovativ\">Team aus dem 4. Jgg. gewinnt bei Jugend Innovativ<\/a><\/h3><\/header><div class=\"eael-entry-content\">\n                        <div class=\"eael-grid-post-excerpt\"><p>Unternehmergeist im HIT-Lernb\u00fcro: HIT-Team gewinnt Jugend Innovativ Entrepreneurship-Preis!<\/p><a href=\"http:\/\/172.16.202.26\/?p=8410\" class=\"eael-post-elements-readmore-btn\">Weiterlesen ...<\/a><\/div>\n                    <\/div><\/div><\/div>\n        <\/div>\n    <\/article><\/div>\n            <div class=\"clearfix\"><\/div>\n        <\/div>\t\t<\/div>\n\t\t\t\t<\/div>\n\t\t\t\t\t<\/div>\n\t\t<\/div>\n\t\t\t\t\t<\/div>\n\t\t<\/section>\n\t\t\t\t<\/div>\n\t\t","protected":false},"excerpt":{"rendered":"<p>\u00e4ltere Berichte der HIT Unser Mann in Istanbul HIT-Absolvent leistet seinen Zivildienst in Istanbul Weiterlesen &#8230; BePartOfIt HIT ist Teil des Forschungsprojekts BePartOfIt Weiterlesen &#8230; Eine Woche ITaly mit Erasmus+ Eine Woche ITaly mit Erasmus+ Weiterlesen &#8230; V\u00d6SI Software Day 2022 Sch\u00fclerinnen und Sch\u00fcler der HIT am Software-Day des V\u00d6SI Weiterlesen &#8230; ERASMUS+ Short Mobility in Wien R\u00fcckblick \u2013 das [&hellip;]<\/p>\n","protected":false},"author":3,"featured_media":0,"parent":12662,"menu_order":0,"comment_status":"closed","ping_status":"closed","template":"elementor_header_footer","meta":[],"_links":{"self":[{"href":"http:\/\/172.16.202.26\/index.php?rest_route=\/wp\/v2\/pages\/19290"}],"collection":[{"href":"http:\/\/172.16.202.26\/index.php?rest_route=\/wp\/v2\/pages"}],"about":[{"href":"http:\/\/172.16.202.26\/index.php?rest_route=\/wp\/v2\/types\/page"}],"author":[{"embeddable":true,"href":"http:\/\/172.16.202.26\/index.php?rest_route=\/wp\/v2\/users\/3"}],"replies":[{"embeddable":true,"href":"http:\/\/172.16.202.26\/index.php?rest_route=%2Fwp%2Fv2%2Fcomments&post=19290"}],"version-history":[{"count":7,"href":"http:\/\/172.16.202.26\/index.php?rest_route=\/wp\/v2\/pages\/19290\/revisions"}],"predecessor-version":[{"id":19344,"href":"http:\/\/172.16.202.26\/index.php?rest_route=\/wp\/v2\/pages\/19290\/revisions\/19344"}],"up":[{"embeddable":true,"href":"http:\/\/172.16.202.26\/index.php?rest_route=\/wp\/v2\/pages\/12662"}],"wp:attachment":[{"href":"http:\/\/172.16.202.26\/index.php?rest_route=%2Fwp%2Fv2%2Fmedia&parent=19290"}],"curies":[{"name":"wp","href":"https:\/\/api.w.org\/{rel}","templated":true}]}}